{"id":247,"date":"2020-06-02T08:37:49","date_gmt":"2020-06-02T06:37:49","guid":{"rendered":"https:\/\/ubiquegallery.be\/?page_id=247"},"modified":"2023-04-25T13:39:19","modified_gmt":"2023-04-25T11:39:19","slug":"david-deweerdt","status":"publish","type":"page","link":"https:\/\/ubiquegallery.be\/index.php\/david-deweerdt\/","title":{"rendered":"David Deweerdt"},"content":{"rendered":"\n<ul class=\"wp-block-list\">\n<li><strong>A partir du jeudi 21 avril jusqu&rsquo;au 1er juin, vous aurez le plaisir de voir l\u2019exposition personnelle de\u00a0<a href=\"https:\/\/ubiquegallery.be\/index.php\/david-deweerdt\/\">David Deweerdt \u00a0<\/a>\u00a0, intitul\u00e9e CORPUS HUMANUM 2, en l\u2019ESPACE ARTISTIQUE, CULTUREL &amp; CITOYEN: Le MONTY<\/strong><\/li>\n<\/ul>\n\n\n\n<p class=\"has-medium-font-size\"><strong><em>Mid-vernissage le dimanche 7 mai \u00e0 partir de 14h jusqu&rsquo;\u00e0 18h.<\/em><\/strong><\/p>\n\n\n\n<p><strong>Le Monty<\/strong><br><strong>58 rue de Charleroi<\/strong><br><strong>1470 Genappe<\/strong><br><strong>Belgique<\/strong><\/p>\n\n\n\n<figure class=\"wp-block-image size-large\"><img loading=\"lazy\" decoding=\"async\" width=\"1024\" height=\"1024\" src=\"https:\/\/ubiquegallery.be\/wp-content\/uploads\/2023\/04\/rs-1024x1024.jpg\" alt=\"Corpus Humanum 2\" class=\"wp-image-1076\" srcset=\"https:\/\/ubiquegallery.be\/wp-content\/uploads\/2023\/04\/rs-1024x1024.jpg 1024w, https:\/\/ubiquegallery.be\/wp-content\/uploads\/2023\/04\/rs-300x300.jpg 300w, https:\/\/ubiquegallery.be\/wp-content\/uploads\/2023\/04\/rs-150x150.jpg 150w, https:\/\/ubiquegallery.be\/wp-content\/uploads\/2023\/04\/rs-768x768.jpg 768w, https:\/\/ubiquegallery.be\/wp-content\/uploads\/2023\/04\/rs-200x200.jpg 200w, https:\/\/ubiquegallery.be\/wp-content\/uploads\/2023\/04\/rs-1536x1536.jpg 1536w, https:\/\/ubiquegallery.be\/wp-content\/uploads\/2023\/04\/rs-2048x2048.jpg 2048w, https:\/\/ubiquegallery.be\/wp-content\/uploads\/2023\/04\/rs-100x100.jpg 100w\" sizes=\"auto, (max-width: 767px) 89vw, (max-width: 1000px) 54vw, (max-width: 1071px) 543px, 580px\" \/><\/figure>\n\n\n\n<p><strong>Le catalogue de l&rsquo;exposition:<\/strong> <a href=\"https:\/\/ubiquegallery.be\/c\" data-type=\"URL\" data-id=\"https:\/\/ubiquegallery.be\/c\">https:\/\/ubiquegallery.be\/c<\/a><br><br><br><br><br><\/p>\n\n\n\n<p><strong><em>A partir du 19 juin Solo Show<\/em><\/strong>&#8230;<br><strong>\u00a0\u00bb CORPUS HUMANUM \u00ab\u00a0<\/strong><br><strong>Du 19 juin au 16 ao\u00fbt, tous les samedis de 14h \u00e0 18 et sous <a href=\"https:\/\/ubiquegallery.be\/index.php\/reservation\/\" data-type=\"page\" data-id=\"843\">r\u00e9servation<\/a><\/strong> <strong>en ligne<\/strong><br><br><a href=\"https:\/\/ubiquegallery.be\/c\"><strong>Catalogue de l&rsquo;exposition en ligne<\/strong><\/a><br><img loading=\"lazy\" decoding=\"async\" width=\"700\" height=\"700\" class=\"wp-image-961\" style=\"width: 700px;\" src=\"https:\/\/ubiquegallery.be\/wp-content\/uploads\/2021\/06\/Expo-David-Deweerdt.png\" alt=\"\" srcset=\"https:\/\/ubiquegallery.be\/wp-content\/uploads\/2021\/06\/Expo-David-Deweerdt.png 2480w, https:\/\/ubiquegallery.be\/wp-content\/uploads\/2021\/06\/Expo-David-Deweerdt-300x300.png 300w, https:\/\/ubiquegallery.be\/wp-content\/uploads\/2021\/06\/Expo-David-Deweerdt-1024x1024.png 1024w, https:\/\/ubiquegallery.be\/wp-content\/uploads\/2021\/06\/Expo-David-Deweerdt-150x150.png 150w, https:\/\/ubiquegallery.be\/wp-content\/uploads\/2021\/06\/Expo-David-Deweerdt-768x768.png 768w, https:\/\/ubiquegallery.be\/wp-content\/uploads\/2021\/06\/Expo-David-Deweerdt-200x200.png 200w, https:\/\/ubiquegallery.be\/wp-content\/uploads\/2021\/06\/Expo-David-Deweerdt-1536x1536.png 1536w, https:\/\/ubiquegallery.be\/wp-content\/uploads\/2021\/06\/Expo-David-Deweerdt-2048x2048.png 2048w, https:\/\/ubiquegallery.be\/wp-content\/uploads\/2021\/06\/Expo-David-Deweerdt-100x100.png 100w\" sizes=\"auto, (max-width: 700px) 100vw, 700px\" \/><\/p>\n\n\n\n<p>Peintre de la chair, du sang et de la v\u00e9rit\u00e9 du corps qu\u2019il nous dig\u00e8re avec une rondeur esth\u00e9tique et une tendresse charnelle. Il nous interpelle sur la normalit\u00e9, flirte avec les limites entre \u00e2me et viande, entre tumultes passionnels et notre in\u00e9luctable destin cadav\u00e9rique. <br><br>David Deweerdt s\u2019inscrit sans retenue dans le monde du figural, la sensation, celle que vous allez vivre et ressentir, est son domaine de recherche. Il vous prend par les sentiments et bouscule vos peurs et pudeurs.<\/p>\n\n\n\n<p>Sa peinture est une dissection qui r\u00e9v\u00e8le qu\u2019aux tr\u00e9fonds de nous, il y a la lumi\u00e8re. Ses coups de pinceau empruntent les circonvolutions c\u00e9r\u00e9brales, art\u00e8res et tripes qui deviennent racines de vie se nourrissant de la clart\u00e9. L\u2019infinitude h\u00e9morragique est espoir. Sa ma\u00eetrise technique de la transparence ouvre les limites de notre mat\u00e9rialit\u00e9 sur l\u2019infini. Son tour de force est de nous r\u00e9concilier avec notre humanit\u00e9 la plus cach\u00e9e.<\/p>\n\n\n\n<p>Notre cru existentiel, par un \u00e9l\u00e9gant tour alchimiste devient un d\u00e9lectable grand cru.<\/p>\n\n\n\n<p>Puret\u00e9 d\u2019une planche anatomique, qui dit tout de notre sang, o\u00f9 visc\u00e8res et s\u00e9cr\u00e9tions s\u2019habillent de gr\u00e2ce et de l\u00e9g\u00e8ret\u00e9. Il ajoute \u00e0 l\u2019histoire \u00e9crite par Andr\u00e9 V\u00e9sale, Egon Schiele, Bacon et Freud (Sigmund et son petit-fils Lucian) son empreinte artistique singuli\u00e8re.<\/p>\n\n\n\n<p><em>Marc Albert<\/em><\/p>\n\n\n\n<p><strong>N\u00e9 en 1967 \u00e0 Berchem Saint Agathe, David Deweerdt est artiste plasticien et animateur d\u2019atelier artistique aupr\u00e8s d\u2019un public en situation de handicap mental ou dans le cadre de TeamBuilding pour entreprise. Il est dipl\u00f4m\u00e9 de l&rsquo;Acad\u00e9mie de Braine l&rsquo;Alleud en peinture.&nbsp; David Deweerdt a expos\u00e9 dans de nombreux pays en Europe et aux Etats-Unis, il a, entre autres, gagn\u00e9 le prix sp\u00e9cial du jury de la biennale d\u2019art contemporain de Strassen au Luxembourg en 2017.&nbsp;<\/strong><\/p>\n\n\n\n<p><strong>Solo exhibition after 2014&nbsp;<\/strong><\/p>\n\n\n\n<p>2014 Gallery 457 Brussels Belgium<br>2014 Gallery Prisme brussels Belgium<br>2017 Gallery Artcompulsion Montpelier France<br>2017 Gallery Gilgamesh Paris<br>2017 Gallery Dognin Paris<br>2018 Gallery Spieren Luxembourg \u00ab\u00a0Grand duch\u00e9 du Luxembourg\u00a0\u00bb<br>2019 Gallery \u00a0\u00bb Art studio and gallery\u00a0\u00bb Liege Belgium<br>2020 solo exhibition Nanoh Gallery Paris<br><strong><br>Group show after 2014<\/strong>&nbsp;<\/p>\n\n\n\n<p>2016 Gallery Artcompulsion Montpelier France<br>2016 Art show \u00ab\u00a0kunst in het Dorp\u00a0\u00bb Brussels<br>2015, 2016, 2017, Salon du Bon Vouloir Mons Belgium<br>2017 Art show \u00ab\u00a0Paris Artiste\u00a0\u00bb France<br>2017 \u00ab\u00a0Biennale of contemporary art of Strassen \u00a0\u00bb special price from the jury.\u00a0\u00bbGrand duch\u00e9 du Luxembourg\u00a0\u00bb<br>2019 Gallery \u00ab\u00a0Art Studio Gallery\u00a0\u00bb Li\u00e8ge Belgium<br>2020 solo exhibition Nanoh Gallery Paris<br>2020 november group show Ubique Gallery Dinant (Belgium)<br>2021 January group show Ubique Gallery Dinant (Belgium)<br><br>Resident Artist Nanoh Gallery Paris<br>Resident Artist Mash Gallery Los Angeles<br>Resident Artist Ubique Gallery Belgium&nbsp;<\/p>\n\n\n\n<p><\/p>\n\n\n\n<figure class=\"wp-block-image size-large\"><img loading=\"lazy\" decoding=\"async\" width=\"833\" height=\"1024\" src=\"https:\/\/ubiquegallery.be\/wp-content\/uploads\/2021\/04\/Capture-de\u0301cran-2021-04-04-a\u0300-20.04.13-833x1024.png\" alt=\"\" class=\"wp-image-869\" srcset=\"https:\/\/ubiquegallery.be\/wp-content\/uploads\/2021\/04\/Capture-de\u0301cran-2021-04-04-a\u0300-20.04.13-833x1024.png 833w, https:\/\/ubiquegallery.be\/wp-content\/uploads\/2021\/04\/Capture-de\u0301cran-2021-04-04-a\u0300-20.04.13-244x300.png 244w, https:\/\/ubiquegallery.be\/wp-content\/uploads\/2021\/04\/Capture-de\u0301cran-2021-04-04-a\u0300-20.04.13-768x945.png 768w, https:\/\/ubiquegallery.be\/wp-content\/uploads\/2021\/04\/Capture-de\u0301cran-2021-04-04-a\u0300-20.04.13-163x200.png 163w, https:\/\/ubiquegallery.be\/wp-content\/uploads\/2021\/04\/Capture-de\u0301cran-2021-04-04-a\u0300-20.04.13.png 974w\" sizes=\"auto, (max-width: 767px) 89vw, (max-width: 1000px) 54vw, (max-width: 1071px) 543px, 580px\" \/><figcaption class=\"wp-element-caption\"><em>Peinture originale sur panneau en <em>PVC<\/em><\/em><br><em>70 x 100 cm<\/em><br><em><a href=\"http:\/\/contact\/\">R\u00e9f\u00e9rence: DD05- information et prix sur demande en compl\u00e9tant le formulaire de la page contact<\/a><\/em><\/figcaption><\/figure>\n\n\n\n<figure class=\"wp-block-image size-large\"><img loading=\"lazy\" decoding=\"async\" width=\"1024\" height=\"708\" src=\"https:\/\/ubiquegallery.be\/wp-content\/uploads\/2021\/04\/Capture-de\u0301cran-2021-04-04-a\u0300-20.04.33-1024x708.png\" alt=\"\" class=\"wp-image-867\" srcset=\"https:\/\/ubiquegallery.be\/wp-content\/uploads\/2021\/04\/Capture-de\u0301cran-2021-04-04-a\u0300-20.04.33-1024x708.png 1024w, https:\/\/ubiquegallery.be\/wp-content\/uploads\/2021\/04\/Capture-de\u0301cran-2021-04-04-a\u0300-20.04.33-300x207.png 300w, https:\/\/ubiquegallery.be\/wp-content\/uploads\/2021\/04\/Capture-de\u0301cran-2021-04-04-a\u0300-20.04.33-768x531.png 768w, https:\/\/ubiquegallery.be\/wp-content\/uploads\/2021\/04\/Capture-de\u0301cran-2021-04-04-a\u0300-20.04.33-200x138.png 200w, https:\/\/ubiquegallery.be\/wp-content\/uploads\/2021\/04\/Capture-de\u0301cran-2021-04-04-a\u0300-20.04.33.png 1198w\" sizes=\"auto, (max-width: 767px) 89vw, (max-width: 1000px) 54vw, (max-width: 1071px) 543px, 580px\" \/><figcaption class=\"wp-element-caption\"><em>Peinture originale sur panneau en <em>PVC<\/em><\/em><br> 100<em> x<em>70<\/em> cm<\/em><br><em><a href=\"http:\/\/contact\/\">R\u00e9f\u00e9rence: DD13- information et prix sur demande en compl\u00e9tant le formulaire de la page contact<\/a><\/em><\/figcaption><\/figure>\n\n\n\n<figure class=\"wp-block-image size-large\"><img loading=\"lazy\" decoding=\"async\" width=\"1024\" height=\"824\" src=\"https:\/\/ubiquegallery.be\/wp-content\/uploads\/2021\/04\/Capture-de\u0301cran-2021-04-04-a\u0300-20.03.52-1024x824.png\" alt=\"\" class=\"wp-image-868\" srcset=\"https:\/\/ubiquegallery.be\/wp-content\/uploads\/2021\/04\/Capture-de\u0301cran-2021-04-04-a\u0300-20.03.52-1024x824.png 1024w, https:\/\/ubiquegallery.be\/wp-content\/uploads\/2021\/04\/Capture-de\u0301cran-2021-04-04-a\u0300-20.03.52-300x242.png 300w, https:\/\/ubiquegallery.be\/wp-content\/uploads\/2021\/04\/Capture-de\u0301cran-2021-04-04-a\u0300-20.03.52-768x618.png 768w, https:\/\/ubiquegallery.be\/wp-content\/uploads\/2021\/04\/Capture-de\u0301cran-2021-04-04-a\u0300-20.03.52-200x161.png 200w, https:\/\/ubiquegallery.be\/wp-content\/uploads\/2021\/04\/Capture-de\u0301cran-2021-04-04-a\u0300-20.03.52.png 1200w\" sizes=\"auto, (max-width: 767px) 89vw, (max-width: 1000px) 54vw, (max-width: 1071px) 543px, 580px\" \/><figcaption class=\"wp-element-caption\"><em>Peinture originale sur panneau en <em>PVC<\/em><\/em><br><em><em>100 x<em>70<\/em> cm<\/em><\/em><br><em><a href=\"http:\/\/contact\/\">R\u00e9f\u00e9rence: DD14- information et prix sur demande en compl\u00e9tant le formulaire de la page contact<\/a><\/em><\/figcaption><\/figure>\n\n\n\n<figure class=\"wp-block-image size-large\"><img loading=\"lazy\" decoding=\"async\" width=\"1024\" height=\"1024\" src=\"https:\/\/ubiquegallery.be\/wp-content\/uploads\/2021\/02\/sanguin1-1024x1024.jpg\" alt=\"\" class=\"wp-image-821\" srcset=\"https:\/\/ubiquegallery.be\/wp-content\/uploads\/2021\/02\/sanguin1-1024x1024.jpg 1024w, https:\/\/ubiquegallery.be\/wp-content\/uploads\/2021\/02\/sanguin1-300x300.jpg 300w, https:\/\/ubiquegallery.be\/wp-content\/uploads\/2021\/02\/sanguin1-150x150.jpg 150w, https:\/\/ubiquegallery.be\/wp-content\/uploads\/2021\/02\/sanguin1-768x768.jpg 768w, https:\/\/ubiquegallery.be\/wp-content\/uploads\/2021\/02\/sanguin1-1536x1536.jpg 1536w, https:\/\/ubiquegallery.be\/wp-content\/uploads\/2021\/02\/sanguin1-2048x2048.jpg 2048w, https:\/\/ubiquegallery.be\/wp-content\/uploads\/2021\/02\/sanguin1-100x100.jpg 100w\" sizes=\"auto, (max-width: 767px) 89vw, (max-width: 1000px) 54vw, (max-width: 1071px) 543px, 580px\" \/><figcaption class=\"wp-element-caption\"><em>Peinture originale sur panneau en bois<\/em><br><em>107x 122 cm<\/em><br><a href=\"https:\/\/ubiquegallery.be\/index.php\/contact\/\"><em>R\u00e9f\u00e9rence: DD08 &#8211; <\/em>information et prix sur demande en compl\u00e9tant le formulaire de la page contact<\/a><\/figcaption><\/figure>\n\n\n\n<figure class=\"wp-block-image size-large\"><img loading=\"lazy\" decoding=\"async\" width=\"739\" height=\"1024\" src=\"https:\/\/ubiquegallery.be\/wp-content\/uploads\/2020\/11\/Capture-de\u0301cran-2020-11-02-a\u0300-10.06.49-739x1024.png\" alt=\"\" class=\"wp-image-597\" srcset=\"https:\/\/ubiquegallery.be\/wp-content\/uploads\/2020\/11\/Capture-de\u0301cran-2020-11-02-a\u0300-10.06.49-739x1024.png 739w, https:\/\/ubiquegallery.be\/wp-content\/uploads\/2020\/11\/Capture-de\u0301cran-2020-11-02-a\u0300-10.06.49-216x300.png 216w, https:\/\/ubiquegallery.be\/wp-content\/uploads\/2020\/11\/Capture-de\u0301cran-2020-11-02-a\u0300-10.06.49-768x1065.png 768w, https:\/\/ubiquegallery.be\/wp-content\/uploads\/2020\/11\/Capture-de\u0301cran-2020-11-02-a\u0300-10.06.49-250x347.png 250w, https:\/\/ubiquegallery.be\/wp-content\/uploads\/2020\/11\/Capture-de\u0301cran-2020-11-02-a\u0300-10.06.49-350x485.png 350w, https:\/\/ubiquegallery.be\/wp-content\/uploads\/2020\/11\/Capture-de\u0301cran-2020-11-02-a\u0300-10.06.49.png 864w\" sizes=\"auto, (max-width: 739px) 100vw, 739px\" \/><figcaption class=\"wp-element-caption\">Peinture originale sur panneau <em>en <em>PVC<\/em><\/em><br>100 x 70 cm <br><a href=\"https:\/\/ubiquegallery.be\/index.php\/contact\/\"><em>R\u00e9f\u00e9rence: DD00 &#8211; <\/em>information et prix sur demande en compl\u00e9tant le formulaire de la page contact<\/a><\/figcaption><\/figure>\n\n\n\n<figure class=\"wp-block-image size-large\"><img loading=\"lazy\" decoding=\"async\" width=\"827\" height=\"1024\" src=\"https:\/\/ubiquegallery.be\/wp-content\/uploads\/2020\/10\/main-827x1024.png\" alt=\"\" class=\"wp-image-564\" srcset=\"https:\/\/ubiquegallery.be\/wp-content\/uploads\/2020\/10\/main-827x1024.png 827w, https:\/\/ubiquegallery.be\/wp-content\/uploads\/2020\/10\/main-242x300.png 242w, https:\/\/ubiquegallery.be\/wp-content\/uploads\/2020\/10\/main-768x950.png 768w, https:\/\/ubiquegallery.be\/wp-content\/uploads\/2020\/10\/main-250x309.png 250w, https:\/\/ubiquegallery.be\/wp-content\/uploads\/2020\/10\/main-350x433.png 350w, https:\/\/ubiquegallery.be\/wp-content\/uploads\/2020\/10\/main.png 1212w\" sizes=\"auto, (max-width: 767px) 89vw, (max-width: 1000px) 54vw, (max-width: 1071px) 543px, 580px\" \/><figcaption class=\"wp-element-caption\"><em>Peinture originale sur panneau <em><em>en <em>PVC<\/em><\/em><\/em><\/em><br><em>100 x 70 cm<\/em><br><a href=\"https:\/\/ubiquegallery.be\/index.php\/contact\/\" data-type=\"page\" data-id=\"9\"><em>R\u00e9f\u00e9rence: DD01 &#8211; <\/em>information et prix sur demande en compl\u00e9tant le formulaire de la page contact<\/a><\/figcaption><\/figure>\n\n\n\n<figure class=\"wp-block-image size-large\"><img loading=\"lazy\" decoding=\"async\" width=\"1024\" height=\"738\" src=\"https:\/\/ubiquegallery.be\/wp-content\/uploads\/2020\/10\/david-1024x738.png\" alt=\"\" class=\"wp-image-532\" srcset=\"https:\/\/ubiquegallery.be\/wp-content\/uploads\/2020\/10\/david-1024x738.png 1024w, https:\/\/ubiquegallery.be\/wp-content\/uploads\/2020\/10\/david-250x180.png 250w, https:\/\/ubiquegallery.be\/wp-content\/uploads\/2020\/10\/david-350x252.png 350w, https:\/\/ubiquegallery.be\/wp-content\/uploads\/2020\/10\/david-300x216.png 300w, https:\/\/ubiquegallery.be\/wp-content\/uploads\/2020\/10\/david-768x553.png 768w, https:\/\/ubiquegallery.be\/wp-content\/uploads\/2020\/10\/david-1536x1106.png 1536w, https:\/\/ubiquegallery.be\/wp-content\/uploads\/2020\/10\/david-2048x1475.png 2048w\" sizes=\"auto, (max-width: 767px) 89vw, (max-width: 1000px) 54vw, (max-width: 1071px) 543px, 580px\" \/><figcaption class=\"wp-element-caption\"><em>Peinture originale sur panneau <em><em>en <em>PVC<\/em><\/em><\/em><\/em><br><em>70 x 50 cm<\/em><br><a href=\"http:\/\/contact\"><em>R\u00e9f\u00e9rence: DD02- <\/em>information et prix sur demande en compl\u00e9tant le formulaire de la page contact<\/a><\/figcaption><\/figure>\n\n\n\n<figure class=\"wp-block-image\"><img loading=\"lazy\" decoding=\"async\" width=\"972\" height=\"1024\" src=\"https:\/\/ubiquegallery.be\/wp-content\/uploads\/2020\/06\/david-dewweerdt-972x1024.png\" alt=\"\" class=\"wp-image-248\" srcset=\"https:\/\/ubiquegallery.be\/wp-content\/uploads\/2020\/06\/david-dewweerdt-972x1024.png 972w, https:\/\/ubiquegallery.be\/wp-content\/uploads\/2020\/06\/david-dewweerdt-250x263.png 250w, https:\/\/ubiquegallery.be\/wp-content\/uploads\/2020\/06\/david-dewweerdt-350x369.png 350w, https:\/\/ubiquegallery.be\/wp-content\/uploads\/2020\/06\/david-dewweerdt-285x300.png 285w, https:\/\/ubiquegallery.be\/wp-content\/uploads\/2020\/06\/david-dewweerdt-768x809.png 768w, https:\/\/ubiquegallery.be\/wp-content\/uploads\/2020\/06\/david-dewweerdt.png 1134w\" sizes=\"auto, (max-width: 767px) 89vw, (max-width: 1000px) 54vw, (max-width: 1071px) 543px, 580px\" \/><figcaption class=\"wp-element-caption\"><em>Vendu<\/em><\/figcaption><\/figure>\n\n\n\n<figure class=\"wp-block-image\"><img loading=\"lazy\" decoding=\"async\" width=\"1024\" height=\"992\" src=\"https:\/\/ubiquegallery.be\/wp-content\/uploads\/2020\/06\/david57-1024x992.png\" alt=\"\" class=\"wp-image-289\" srcset=\"https:\/\/ubiquegallery.be\/wp-content\/uploads\/2020\/06\/david57-1024x992.png 1024w, https:\/\/ubiquegallery.be\/wp-content\/uploads\/2020\/06\/david57-250x242.png 250w, https:\/\/ubiquegallery.be\/wp-content\/uploads\/2020\/06\/david57-350x339.png 350w, https:\/\/ubiquegallery.be\/wp-content\/uploads\/2020\/06\/david57-300x291.png 300w, https:\/\/ubiquegallery.be\/wp-content\/uploads\/2020\/06\/david57-768x744.png 768w, https:\/\/ubiquegallery.be\/wp-content\/uploads\/2020\/06\/david57.png 1195w\" sizes=\"auto, (max-width: 767px) 89vw, (max-width: 1000px) 54vw, (max-width: 1071px) 543px, 580px\" \/><figcaption class=\"wp-element-caption\"><em>Peinture originale sur panneau en PVC<\/em><br><em>100 x 100 cm<\/em><br><em><a href=\"http:\/\/contact\">R\u00e9f\u00e9rence: DD04- information et prix sur demande en compl\u00e9tant le formulaire de la page contact<\/a><\/em><\/figcaption><\/figure>\n\n\n\n<figure class=\"wp-block-image\"><img loading=\"lazy\" decoding=\"async\" width=\"1024\" height=\"787\" src=\"https:\/\/ubiquegallery.be\/wp-content\/uploads\/2020\/06\/david56-1024x787.png\" alt=\"\" class=\"wp-image-290\" srcset=\"https:\/\/ubiquegallery.be\/wp-content\/uploads\/2020\/06\/david56-1024x787.png 1024w, https:\/\/ubiquegallery.be\/wp-content\/uploads\/2020\/06\/david56-250x192.png 250w, https:\/\/ubiquegallery.be\/wp-content\/uploads\/2020\/06\/david56-350x269.png 350w, https:\/\/ubiquegallery.be\/wp-content\/uploads\/2020\/06\/david56-300x231.png 300w, https:\/\/ubiquegallery.be\/wp-content\/uploads\/2020\/06\/david56-768x591.png 768w, https:\/\/ubiquegallery.be\/wp-content\/uploads\/2020\/06\/david56.png 1186w\" sizes=\"auto, (max-width: 767px) 89vw, (max-width: 1000px) 54vw, (max-width: 1071px) 543px, 580px\" \/><figcaption class=\"wp-element-caption\"><em>Peinture originale sur panneau en <em>PVC<\/em><\/em><br><em>70 x 100 cm<\/em><br><em><a href=\"http:\/\/contact\">R\u00e9f\u00e9rence: DD05- information et prix sur demande en compl\u00e9tant le formulaire de la page contact<\/a><\/em><\/figcaption><\/figure>\n\n\n\n<p><\/p>\n","protected":false},"excerpt":{"rendered":"<p>Mid-vernissage le dimanche 7 mai \u00e0 partir de 14h jusqu&rsquo;\u00e0 18h. Le Monty58 rue de Charleroi1470 GenappeBelgique Le catalogue de l&rsquo;exposition: https:\/\/ubiquegallery.be\/c A partir du 19 juin Solo Show&#8230;\u00a0\u00bb CORPUS HUMANUM \u00ab\u00a0Du 19 juin au 16 ao\u00fbt, tous les samedis de 14h \u00e0 18 et sous r\u00e9servation en ligne Catalogue de l&rsquo;exposition en ligne Peintre &hellip; <\/p>\n<p class=\"link-more\"><a href=\"https:\/\/ubiquegallery.be\/index.php\/david-deweerdt\/\" class=\"more-link\">Continuer la lecture<span class=\"screen-reader-text\"> de &laquo;&nbsp;David Deweerdt&nbsp;&raquo;<\/span><\/a><\/p>\n","protected":false},"author":1,"featured_media":0,"parent":0,"menu_order":0,"comment_status":"closed","ping_status":"closed","template":"","meta":{"footnotes":""},"class_list":["post-247","page","type-page","status-publish","hentry"],"_links":{"self":[{"href":"https:\/\/ubiquegallery.be\/index.php\/wp-json\/wp\/v2\/pages\/247","targetHints":{"allow":["GET"]}}],"collection":[{"href":"https:\/\/ubiquegallery.be\/index.php\/wp-json\/wp\/v2\/pages"}],"about":[{"href":"https:\/\/ubiquegallery.be\/index.php\/wp-json\/wp\/v2\/types\/page"}],"author":[{"embeddable":true,"href":"https:\/\/ubiquegallery.be\/index.php\/wp-json\/wp\/v2\/users\/1"}],"replies":[{"embeddable":true,"href":"https:\/\/ubiquegallery.be\/index.php\/wp-json\/wp\/v2\/comments?post=247"}],"version-history":[{"count":35,"href":"https:\/\/ubiquegallery.be\/index.php\/wp-json\/wp\/v2\/pages\/247\/revisions"}],"predecessor-version":[{"id":1083,"href":"https:\/\/ubiquegallery.be\/index.php\/wp-json\/wp\/v2\/pages\/247\/revisions\/1083"}],"wp:attachment":[{"href":"https:\/\/ubiquegallery.be\/index.php\/wp-json\/wp\/v2\/media?parent=247"}],"curies":[{"name":"wp","href":"https:\/\/api.w.org\/{rel}","templated":true}]}}